{"version":"1.0","type":"rich","provider_name":"Les Sept Dormants au Vieux-March\u00e9","provider_url":"http:\/\/septdormants-levieuxmarche.fr","title":"Journ\u00e9e mondiale de la Paix aux Sept-Saints","author_name":"Marie-Fran\u00e7oise Quinton","width":"480","height":"295","url":"https:\/\/www.septdormants-levieuxmarche.fr\/Journee-mondiale-de-la-Paix-aux-Sept-Aaints-160.html","html":"\u003Ch4 class='title'\u003E\u003Ca href='https:\/\/www.septdormants-levieuxmarche.fr\/Journee-mondiale-de-la-Paix-aux-Sept-Aaints-160.html'\u003EJourn\u00e9e mondiale de la Paix aux Sept-Saints\u003C\/a\u003E\u003C\/h4\u003E\u003Cblockquote class='spip'\u003E\n\u003Cp\u003EDepuis 1968, le 1\u003Csup class=\"typo_exposants\"\u003Eer\u003C\/sup\u003E jour de l\u2019ann\u00e9e est, pour les catholiques du monde entier, une &#171;&nbsp;Journ\u00e9e mondiale de la paix&nbsp;&#187;, occasion de se montrer solidaires de tous ceux et toutes celles qui vivent la guerre et de r\u00e9chauffer notre engagement en faveur de la paix. \n\nCette ann\u00e9e, le th\u00e8me de cette 55\u003Csup class=\"typo_exposants\"\u003Ee\u003C\/sup\u003E journ\u00e9e mondiale de la paix propos\u00e9 par le Pape Fran\u00e7ois est&nbsp;:  \n\n &#171;&nbsp;Personne ne peut se sauver tout seul. Repartir apr\u00e8s la Covid-19 pour tracer ensemble des sentiers de paix.&nbsp;&#187;  \n\nNous serons quelques&nbsp;(\u2026)\u003C\/p\u003E\n\u003C\/blockquote\u003E\n"}