{"version":"1.0","type":"rich","provider_name":"Les Sept Dormants au Vieux-March\u00e9","provider_url":"http:\/\/septdormants-levieuxmarche.fr","title":"Le pardonneur 2023&nbsp;: M\u003Csup class=\"typo_exposants\"\u003Egr\u003C\/sup\u003E Pascal Gollnisch","author_name":"Association Sources des Sept Dormants","width":"480","height":"295","url":"https:\/\/www.septdormants-levieuxmarche.fr\/Le-pardonneur-2023-Mgr-Pascal-Gollnisch.html","html":"\u003Ch4 class='title'\u003E\u003Ca href='https:\/\/www.septdormants-levieuxmarche.fr\/Le-pardonneur-2023-Mgr-Pascal-Gollnisch.html'\u003ELe pardonneur 2023&nbsp;: M\u003Csup class=\"typo_exposants\"\u003Egr\u003C\/sup\u003E Pascal Gollnisch\u003C\/a\u003E\u003C\/h4\u003E\u003Cblockquote class='spip'\u003E\n\u003Cp\u003EInvit\u00e9 par M\u003Csup class=\"typo_exposants\"\u003Egr\u003C\/sup\u003E Moutel, \u00e9v\u00eaque de Saint-Brieuc et Tr\u00e9guier, M\u003Csup class=\"typo_exposants\"\u003Egr\u003C\/sup\u003E Pascal Gollnisch est directeur de l\u2019\u0152uvre d\u2019Orient depuis 2010. \n\nOrdonn\u00e9 pr\u00eatre catholique du dioc\u00e8se de Paris en 1982, il est vicaire g\u00e9n\u00e9ral de l\u2019Archev\u00each\u00e9 de Paris pour l\u2019Ordinariat des catholiques orientaux en France depuis 2014. \n\nDepuis sa nomination \u00e0 la direction de l\u2019\u0152uvre d\u2019Orient, son action a \u00e9t\u00e9 distingu\u00e9e aussi bien par le pape que par plusieurs \u00e9glises catholiques de rite oriental. \n\nL\u2019\u0152uvre d\u2019Orient est une&nbsp;(\u2026)\u003C\/p\u003E\n\u003C\/blockquote\u003E\n"}