{"version":"1.0","type":"rich","provider_name":"Les Sept Dormants au Vieux-March\u00e9","provider_url":"http:\/\/septdormants-levieuxmarche.fr","title":"Le programme du samedi 23&nbsp;juillet 2022","author_name":"Association Sources des Sept Dormants","width":"480","height":"295","url":"https:\/\/www.septdormants-levieuxmarche.fr\/Le-programme-du-samedi-23-juillet-2022.html","html":"\u003Ch4 class='title'\u003E\u003Ca href='https:\/\/www.septdormants-levieuxmarche.fr\/Le-programme-du-samedi-23-juillet-2022.html'\u003ELe programme du samedi 23&nbsp;juillet 2022\u003C\/a\u003E\u003C\/h4\u003E\u003Cblockquote class='spip'\u003E\n\u003Cp\u003EDe 14h \u00e0 17h, \u00e0 la salle des f\u00eates du Vieux-March\u00e9 Rencontre organis\u00e9e par l\u2019Association Sources des Sept-Dormants sur le th\u00e8me Les dormants d\u2019\u00c9ph\u00e8se au Vieux-March\u00e9 et dans le Coran.  Avec la participation de&nbsp;: Mano\u00ebl P\u00e9nicaud, anthropologue \u00e0 la Maison M\u00e9diterran\u00e9enne des Sciences de l\u2019Homme, qui vient de publier Louis Massignon Le &#171;&nbsp;catholique musulman&nbsp;&#187;, Christian Rivoalen, chanteur traditionnel breton et animateur-conservateur du r\u00e9seau Basse-Bretagne \u00e0 l\u2019association Dastum, Carole&nbsp;(\u2026)\u003C\/p\u003E\n\u003C\/blockquote\u003E\n"}