{"version":"1.0","type":"rich","provider_name":"Les Sept Dormants au Vieux-March\u00e9","provider_url":"http:\/\/septdormants-levieuxmarche.fr","title":"Le th\u00e8me du Pardon 2019","author_name":"Association Sources des Sept Dormants","width":"480","height":"295","url":"https:\/\/www.septdormants-levieuxmarche.fr\/Le-theme-du-Pardon-2019.html","html":"\u003Ch4 class='title'\u003E\u003Ca href='https:\/\/www.septdormants-levieuxmarche.fr\/Le-theme-du-Pardon-2019.html'\u003ELe th\u00e8me du Pardon 2019\u003C\/a\u003E\u003C\/h4\u003E\u003Cblockquote class='spip'\u003E\n\u003Cp\u003ELe th\u00e8me de la rencontre du samedi apr\u00e8s-midi&nbsp;: &#171;&nbsp;P\u00e9r\u00e9griner, p\u00e8leriner, cheminer, marcher\u2026&nbsp;&#187;. \n\nAutres renseignements \u00e0 venir.\u003C\/p\u003E\n\u003C\/blockquote\u003E\n"}