{"version":"1.0","type":"rich","provider_name":"Les Sept Dormants au Vieux-March\u00e9","provider_url":"http:\/\/septdormants-levieuxmarche.fr","title":"Une fraternit\u00e9, des fraternit\u00e9s","author_name":"Fran\u00e7ois Vercelletto","width":"480","height":"295","url":"https:\/\/www.septdormants-levieuxmarche.fr\/Une-fraternite-des-fraternites.html","html":"\u003Ch4 class='title'\u003E\u003Ca href='https:\/\/www.septdormants-levieuxmarche.fr\/Une-fraternite-des-fraternites.html'\u003EUne fraternit\u00e9, des fraternit\u00e9s\u003C\/a\u003E\u003C\/h4\u003E\u003Cblockquote class='spip'\u003E\n\u003Cp\u003EUne fraternit\u00e9, des fraternit\u00e9s Jean-Michel Le Boulanger, Mohamed Loueslati, Jean-Paul Vesco Bayard Paris Septembre 2021 \n\nLa fraternit\u00e9 est un combat \n\nDes trois piliers de notre devise, la fraternit\u00e9 est, certainement, le moins revendiqu\u00e9. Et pourtant n\u2019a-t-elle jamais \u00e9t\u00e9 aussi n\u00e9cessaire et vitale qu\u2019aujourd\u2019hui, dans notre monde boulevers\u00e9&nbsp;? Mais comment traduire concr\u00e8tement cet id\u00e9al&nbsp;? \n\nTrois amis ont r\u00e9uni leurs exp\u00e9riences pour r\u00e9pondre \u00e0 cette question cruciale dans Une&nbsp;(\u2026)\u003C\/p\u003E\n\u003C\/blockquote\u003E\n"}